{"id":9,"date":"2023-11-29T09:26:51","date_gmt":"2023-11-29T09:26:51","guid":{"rendered":"https:\/\/votcorect.ro\/euro-2024\/?page_id=2"},"modified":"2024-11-29T19:06:58","modified_gmt":"2024-11-29T19:06:58","slug":"candidati","status":"publish","type":"page","link":"https:\/\/votcorect.ro\/prezidentiale-parlamentare-2024\/candidati\/","title":{"rendered":"Candida\u021bi"},"content":{"rendered":"vezi \u0219i: <a href=\"https:\/\/candidati.votcorect.ro\/\">candidati.votcorect.ro<\/a>\r\n\r\n\r\n<h3><mark class=\"underlined\">PARLAMENTARE\u00a0<\/mark><\/h3>\r\n<div id=\"viz1731080175024\" class=\"tableauPlaceholder\" style=\"position: relative;\"><noscript><a href='#'><img alt=' ' src='https:&#47;&#47;public.tableau.com&#47;static&#47;images&#47;Ha&#47;Hartalegeri_17310800368460&#47;Minoritati&#47;1_rss.png' style='border: none' \/><\/a><\/noscript><object class=\"tableauViz\" style=\"display: none;\" width=\"300\" height=\"150\"><param name=\"host_url\" value=\"https%3A%2F%2Fpublic.tableau.com%2F\" \/> <param name=\"embed_code_version\" value=\"3\" \/> <param name=\"site_root\" value=\"\" \/><param name=\"name\" value=\"Hartalegeri_17310800368460\/Minoritati\" \/><param name=\"tabs\" value=\"no\" \/><param name=\"toolbar\" value=\"yes\" \/><param name=\"static_image\" value=\"https:\/\/public.tableau.com\/static\/images\/Ha\/Hartalegeri_17310800368460\/Minoritati\/1.png\" \/> <param name=\"animate_transition\" value=\"yes\" \/><param name=\"display_static_image\" value=\"yes\" \/><param name=\"display_spinner\" value=\"yes\" \/><param name=\"display_overlay\" value=\"yes\" \/><param name=\"display_count\" value=\"yes\" \/><param name=\"language\" value=\"en-GB\" \/><param name=\"filter\" value=\"publish=yes\" \/><\/object><\/div>\r\n<p><script type='text\/javascript'>                    var divElement = document.getElementById('viz1731080175024');                    var vizElement = divElement.getElementsByTagName('object')[0];                    vizElement.style.width='1000px';vizElement.style.height='1227px';                    var scriptElement = document.createElement('script');                    scriptElement.src = 'https:\/\/public.tableau.com\/javascripts\/api\/viz_v1.js';                    vizElement.parentNode.insertBefore(scriptElement, vizElement);                <\/script><\/p>\r\n<p><em>Harta realizat\u0103 de <a href=\"https:\/\/interrobang.ro\/\">Interrobang!\u00a0<\/a><\/em><\/p>\r\n<h3>Statistici generale<\/h3>\r\n<ul>\r\n<li>Pentru alegerile parlamentare din 2024 s-au depus mai multe candidaturi comparativ cu \u00a0alegerile anterioare \u2013 8302 \u00een total. Din partea competitorilor care au depus candidaturi la ambele camere au fost valida\u021bi 8.168 de candida\u021bi \u2013\u00a0 2.906 la Senat \u0219i 5.262 la Camera Deputa\u021bilor, la care se adaug\u0103 58 de candidaturi independente \u2013 52 la Senat \u0219i 6 la Camera Deputa\u021bilor. \u00cen 2020 s-au \u00eenscris 7.136, iar \u00een 2016 un num\u0103r de 6.477 candida\u021bi<\/li>\r\n<li>Din partea organiza\u021biilor minorit\u0103\u021bilor na\u021bionale (19), care au depus candidaturi doar la Camera Deputa\u021bilor, s-au \u00eenregistrat 58 de candida\u021bi, care se reg\u0103sesc pe listele de candida\u021bi \u00een toate jude\u021bele.<\/li>\r\n<li>Candida\u021bii independen\u021bi s-au \u00eenscris \u00een 30 de jude\u021be la Camera Deputa\u021bilor \u0219i \u00een 5 jude\u021be.<\/li>\r\n<li>Candidaturile au fost depuse de c\u0103tre 31 de partide \u0219i organiza\u021bii ale minorit\u0103\u021bilor, la care se adaug\u0103 19 organiza\u021bii ale cet\u0103\u021benilor apar\u021bin\u00e2nd minorit\u0103\u021bilor na\u021bionale, ale c\u0103ror candidaturi pentru toate circumscrip\u021biile electorale la alegerile pentru Camera Deputa\u021bilor au r\u0103mas definitive.<\/li>\r\n<li>Nu au fost \u00eenregistrate alian\u021be electorale la aceste alegeri.<\/li>\r\n<li>Cei mai mul\u021bi candida\u021bi au fost propu\u0219i de PSD \u2013 639, SOS Rom\u00e2nia \u2013 636, PNL \u2013 630, AUR \u2013 621, For\u021ba Dreptei \u2013 619, UDMR \u2013 596 \u0219i USR \u2013 589<\/li>\r\n<li>Per total,\u00a0<strong>procentul de candidaturi ale femeilor a crescut la 35%, de la 29,5%\u00a0<\/strong>\u00een 2020<strong>.<\/strong>\u00a0\u00cen 2016 femeile au reprezentat 27,7% din totalul candida\u021bilor. Procentele sunt relativ similare la cele dou\u0103 camere: la Senat femeile reprezint\u0103 34,7% din candida\u021bi, iar la Camera Deputa\u021bilor 37%. Dintre candida\u021bii independen\u021bi, doar aproape 8% sunt femei la Camera Deputa\u021bilor, iar la Senat nu exist\u0103 nicio candidat\u0103.<\/li>\r\n<\/ul>\r\n<p><em>Citi\u021bi mai multe despre candidaturi \u00een raportul <a title=\"Permalink to Candidaturile la alegerile parlamentare din decembrie 2024\" href=\"https:\/\/expertforum.ro\/candidaturile-parlamentare-2024\/\" rel=\"bookmark\">Candidaturile la alegerile parlamentare din decembrie 2024<\/a><\/em><\/p>\r\n<h3><mark class=\"underlined\">PREZIDEN\u021aIALE<\/mark><\/h3>\r\n<p><a href=\"https:\/\/prezidentiale2024.bec.ro\/wp-content\/uploads\/2024\/10\/PV_222C_P.pdf\">Au fost admi\u0219i de c\u0103tre Biroul Electoral Central 14 candida\u021bi<\/a>, care se reg\u0103sesc mai jos:<\/p>\r\n<table style=\"height: 1143px;\" width=\"829\">\r\n<thead>\r\n<tr>\r\n<td width=\"200\">\r\n<p>&nbsp;<\/p>\r\n<\/td>\r\n<td width=\"175\">\r\n<p><strong>Nume<\/strong><\/p>\r\n<\/td>\r\n<td width=\"224\">\r\n<p><strong>Partid<\/strong><\/p>\r\n<\/td>\r\n<td width=\"76\">\r\n<p><strong>Declara\u021bie de avere<\/strong><\/p>\r\n<\/td>\r\n<td width=\"85\">\r\n<p><strong>Declara\u021bie de interese<\/strong><\/p>\r\n<\/td>\r\n<\/tr>\r\n<\/thead>\r\n<tbody>\r\n<tr>\r\n<td width=\"39\">\r\n<p><img loading=\"lazy\" decoding=\"async\" class=\"alignnone  wp-image-3881\" src=\"https:\/\/votcorect.ro\/prezidentiale-parlamentare-2024\/wp-content\/uploads\/sites\/12\/2024\/10\/aur.png\" alt=\"\" width=\"104\" height=\"88\" \/><img loading=\"lazy\" decoding=\"async\" class=\"alignnone wp-image-3901\" src=\"https:\/\/votcorect.ro\/prezidentiale-parlamentare-2024\/wp-content\/uploads\/sites\/12\/2024\/10\/simion.png\" alt=\"\" width=\"100\" height=\"103\" srcset=\"https:\/\/votcorect.ro\/prezidentiale-parlamentare-2024\/wp-content\/uploads\/sites\/12\/2024\/10\/simion.png 428w, https:\/\/votcorect.ro\/prezidentiale-parlamentare-2024\/wp-content\/uploads\/sites\/12\/2024\/10\/simion-291x300.png 291w\" sizes=\"auto, (max-width: 100px) 100vw, 100px\" \/><\/p>\r\n<\/td>\r\n<td>\r\n<p>Simion George-Nicolae<\/p>\r\n<\/td>\r\n<td>\r\n<p>Alian\u021ba Pentru Unirea Rom\u00e2nilor<\/p>\r\n<\/td>\r\n<td>\r\n<p><a href=\"https:\/\/prezidentiale2024.bec.ro\/wp-content\/uploads\/2024\/10\/da_George_Simion.pdf\">Descarc\u0103<\/a><\/p>\r\n<\/td>\r\n<td>\r\n<p><a href=\"https:\/\/prezidentiale2024.bec.ro\/wp-content\/uploads\/2024\/10\/di_George_Simion.pdf\">Descarc\u0103<\/a><\/p>\r\n<\/td>\r\n<\/tr>\r\n<tr>\r\n<td width=\"39\">\r\n<p><img loading=\"lazy\" decoding=\"async\" class=\"alignnone wp-image-3883\" src=\"https:\/\/votcorect.ro\/prezidentiale-parlamentare-2024\/wp-content\/uploads\/sites\/12\/2024\/10\/usr.png\" alt=\"\" width=\"100\" height=\"43\" srcset=\"https:\/\/votcorect.ro\/prezidentiale-parlamentare-2024\/wp-content\/uploads\/sites\/12\/2024\/10\/usr.png 351w, https:\/\/votcorect.ro\/prezidentiale-parlamentare-2024\/wp-content\/uploads\/sites\/12\/2024\/10\/usr-300x130.png 300w\" sizes=\"auto, (max-width: 100px) 100vw, 100px\" \/><img loading=\"lazy\" decoding=\"async\" class=\"alignnone wp-image-3899\" src=\"https:\/\/votcorect.ro\/prezidentiale-parlamentare-2024\/wp-content\/uploads\/sites\/12\/2024\/10\/lasconi.jpg\" alt=\"\" width=\"100\" height=\"102\" srcset=\"https:\/\/votcorect.ro\/prezidentiale-parlamentare-2024\/wp-content\/uploads\/sites\/12\/2024\/10\/lasconi.jpg 691w, https:\/\/votcorect.ro\/prezidentiale-parlamentare-2024\/wp-content\/uploads\/sites\/12\/2024\/10\/lasconi-294x300.jpg 294w\" sizes=\"auto, (max-width: 100px) 100vw, 100px\" \/><\/p>\r\n<\/td>\r\n<td>\r\n<p>Lasconi Elena-Valerica<\/p>\r\n<\/td>\r\n<td>\r\n<p>Uniunea Salva\u021bi Rom\u00e2nia<\/p>\r\n<\/td>\r\n<td>\r\n<p><a href=\"https:\/\/prezidentiale2024.bec.ro\/wp-content\/uploads\/2024\/10\/da_Lasconi.pdf\">Descarc\u0103<\/a><\/p>\r\n<\/td>\r\n<td>\r\n<p><a href=\"https:\/\/prezidentiale2024.bec.ro\/wp-content\/uploads\/2024\/10\/di_Lasconi.pdf\">Descarc\u0103<\/a><\/p>\r\n<\/td>\r\n<\/tr>\r\n<tr>\r\n<td width=\"39\">\r\n<p><img loading=\"lazy\" decoding=\"async\" class=\"alignnone  wp-image-3884\" src=\"https:\/\/votcorect.ro\/prezidentiale-parlamentare-2024\/wp-content\/uploads\/sites\/12\/2024\/10\/georgesc.png\" alt=\"\" width=\"106\" height=\"98\" \/><img loading=\"lazy\" decoding=\"async\" class=\"alignnone wp-image-3897\" src=\"https:\/\/votcorect.ro\/prezidentiale-parlamentare-2024\/wp-content\/uploads\/sites\/12\/2024\/10\/georg.jpg\" alt=\"\" width=\"100\" height=\"100\" srcset=\"https:\/\/votcorect.ro\/prezidentiale-parlamentare-2024\/wp-content\/uploads\/sites\/12\/2024\/10\/georg.jpg 960w, https:\/\/votcorect.ro\/prezidentiale-parlamentare-2024\/wp-content\/uploads\/sites\/12\/2024\/10\/georg-300x300.jpg 300w, https:\/\/votcorect.ro\/prezidentiale-parlamentare-2024\/wp-content\/uploads\/sites\/12\/2024\/10\/georg-150x150.jpg 150w, https:\/\/votcorect.ro\/prezidentiale-parlamentare-2024\/wp-content\/uploads\/sites\/12\/2024\/10\/georg-768x768.jpg 768w\" sizes=\"auto, (max-width: 100px) 100vw, 100px\" \/><\/p>\r\n<\/td>\r\n<td>\r\n<p>Georgescu C\u0103lin<\/p>\r\n<\/td>\r\n<td>\r\n<p>Candidat Independent<\/p>\r\n<\/td>\r\n<td>\r\n<p><a href=\"https:\/\/prezidentiale2024.bec.ro\/wp-content\/uploads\/2024\/10\/da_Georgescu.pdf\">Descarc\u0103<\/a><\/p>\r\n<\/td>\r\n<td>\r\n<p><a href=\"https:\/\/prezidentiale2024.bec.ro\/wp-content\/uploads\/2024\/10\/di_Georgescu.pdf\">Descarc\u0103<\/a><\/p>\r\n<\/td>\r\n<\/tr>\r\n<tr>\r\n<td width=\"39\">\r\n<p><img loading=\"lazy\" decoding=\"async\" class=\"alignnone  wp-image-3885\" src=\"https:\/\/votcorect.ro\/prezidentiale-parlamentare-2024\/wp-content\/uploads\/sites\/12\/2024\/10\/pnl.png\" alt=\"\" width=\"104\" height=\"100\" \/><img loading=\"lazy\" decoding=\"async\" class=\"alignnone  wp-image-3905\" src=\"https:\/\/votcorect.ro\/prezidentiale-parlamentare-2024\/wp-content\/uploads\/sites\/12\/2024\/10\/ciuca2.png\" alt=\"\" width=\"99\" height=\"132\" srcset=\"https:\/\/votcorect.ro\/prezidentiale-parlamentare-2024\/wp-content\/uploads\/sites\/12\/2024\/10\/ciuca2.png 455w, https:\/\/votcorect.ro\/prezidentiale-parlamentare-2024\/wp-content\/uploads\/sites\/12\/2024\/10\/ciuca2-224x300.png 224w\" sizes=\"auto, (max-width: 99px) 100vw, 99px\" \/><\/p>\r\n<\/td>\r\n<td>\r\n<p>Ciuc\u0103 Nicolae-Ionel<\/p>\r\n<\/td>\r\n<td>\r\n<p>Partidul Na\u021bional Liberal<\/p>\r\n<\/td>\r\n<td>\r\n<p><a href=\"https:\/\/prezidentiale2024.bec.ro\/wp-content\/uploads\/2024\/10\/da_Ciuca.pdf\">Descarc\u0103<\/a><\/p>\r\n<\/td>\r\n<td>\r\n<p><a href=\"https:\/\/prezidentiale2024.bec.ro\/wp-content\/uploads\/2024\/10\/di_Ciuca.pdf\">Descarc\u0103<\/a><\/p>\r\n<\/td>\r\n<\/tr>\r\n<tr>\r\n<td width=\"39\">\r\n<p><img loading=\"lazy\" decoding=\"async\" class=\"alignnone  wp-image-3886\" src=\"https:\/\/votcorect.ro\/prezidentiale-parlamentare-2024\/wp-content\/uploads\/sites\/12\/2024\/10\/udmr.png\" alt=\"\" width=\"98\" height=\"107\" \/><img loading=\"lazy\" decoding=\"async\" class=\"alignnone  wp-image-3919\" src=\"https:\/\/votcorect.ro\/prezidentiale-parlamentare-2024\/wp-content\/uploads\/sites\/12\/2024\/10\/kl.jpg\" alt=\"\" width=\"101\" height=\"126\" srcset=\"https:\/\/votcorect.ro\/prezidentiale-parlamentare-2024\/wp-content\/uploads\/sites\/12\/2024\/10\/kl.jpg 320w, https:\/\/votcorect.ro\/prezidentiale-parlamentare-2024\/wp-content\/uploads\/sites\/12\/2024\/10\/kl-240x300.jpg 240w\" sizes=\"auto, (max-width: 101px) 100vw, 101px\" \/><\/p>\r\n<\/td>\r\n<td>\r\n<p>Kelemen Hunor<\/p>\r\n<\/td>\r\n<td>\r\n<p>Uniunea Democrat\u0103 Maghiar\u0103 Din Rom\u00e2nia<\/p>\r\n<\/td>\r\n<td>\r\n<p><a href=\"https:\/\/prezidentiale2024.bec.ro\/wp-content\/uploads\/2024\/10\/da_Kelemen.pdf\">Descarc\u0103<\/a><\/p>\r\n<\/td>\r\n<td>\r\n<p><a href=\"https:\/\/prezidentiale2024.bec.ro\/wp-content\/uploads\/2024\/10\/di_Kelemen.pdf\">Descarc\u0103<\/a><\/p>\r\n<\/td>\r\n<\/tr>\r\n<tr>\r\n<td width=\"39\">\r\n<p><img loading=\"lazy\" decoding=\"async\" class=\"alignnone  wp-image-3887\" src=\"https:\/\/votcorect.ro\/prezidentiale-parlamentare-2024\/wp-content\/uploads\/sites\/12\/2024\/10\/geoana.png\" alt=\"\" width=\"101\" height=\"43\" srcset=\"https:\/\/votcorect.ro\/prezidentiale-parlamentare-2024\/wp-content\/uploads\/sites\/12\/2024\/10\/geoana.png 392w, https:\/\/votcorect.ro\/prezidentiale-parlamentare-2024\/wp-content\/uploads\/sites\/12\/2024\/10\/geoana-300x127.png 300w\" sizes=\"auto, (max-width: 101px) 100vw, 101px\" \/><img loading=\"lazy\" decoding=\"async\" class=\"alignnone  wp-image-3906\" src=\"https:\/\/votcorect.ro\/prezidentiale-parlamentare-2024\/wp-content\/uploads\/sites\/12\/2024\/10\/mg.png\" alt=\"\" width=\"100\" height=\"139\" srcset=\"https:\/\/votcorect.ro\/prezidentiale-parlamentare-2024\/wp-content\/uploads\/sites\/12\/2024\/10\/mg.png 238w, https:\/\/votcorect.ro\/prezidentiale-parlamentare-2024\/wp-content\/uploads\/sites\/12\/2024\/10\/mg-216x300.png 216w\" sizes=\"auto, (max-width: 100px) 100vw, 100px\" \/><\/p>\r\n<\/td>\r\n<td>\r\n<p>Geoan\u0103 Mircea-Dan<\/p>\r\n<\/td>\r\n<td>\r\n<p>Candidat Independent<\/p>\r\n<\/td>\r\n<td>\r\n<p><a href=\"https:\/\/prezidentiale2024.bec.ro\/wp-content\/uploads\/2024\/10\/DA_Geoana-1.pdf\">Descarc\u0103<\/a><\/p>\r\n<\/td>\r\n<td>\r\n<p><a href=\"https:\/\/prezidentiale2024.bec.ro\/wp-content\/uploads\/2024\/10\/DI_Geoana.pdf\">Descarc\u0103<\/a><\/p>\r\n<\/td>\r\n<\/tr>\r\n<tr>\r\n<td width=\"39\">\r\n<p><img loading=\"lazy\" decoding=\"async\" class=\"alignnone  wp-image-3888\" src=\"https:\/\/votcorect.ro\/prezidentiale-parlamentare-2024\/wp-content\/uploads\/sites\/12\/2024\/10\/cd.png\" alt=\"\" width=\"101\" height=\"88\" \/><img loading=\"lazy\" decoding=\"async\" class=\"alignnone  wp-image-3916\" src=\"https:\/\/votcorect.ro\/prezidentiale-parlamentare-2024\/wp-content\/uploads\/sites\/12\/2024\/10\/cd.jpg\" alt=\"\" width=\"101\" height=\"101\" srcset=\"https:\/\/votcorect.ro\/prezidentiale-parlamentare-2024\/wp-content\/uploads\/sites\/12\/2024\/10\/cd.jpg 1000w, https:\/\/votcorect.ro\/prezidentiale-parlamentare-2024\/wp-content\/uploads\/sites\/12\/2024\/10\/cd-300x300.jpg 300w, https:\/\/votcorect.ro\/prezidentiale-parlamentare-2024\/wp-content\/uploads\/sites\/12\/2024\/10\/cd-150x150.jpg 150w, https:\/\/votcorect.ro\/prezidentiale-parlamentare-2024\/wp-content\/uploads\/sites\/12\/2024\/10\/cd-768x768.jpg 768w\" sizes=\"auto, (max-width: 101px) 100vw, 101px\" \/><\/p>\r\n<\/td>\r\n<td>\r\n<p>Diaconescu Cristian<\/p>\r\n<\/td>\r\n<td>\r\n<p>Candidat Independent<\/p>\r\n<\/td>\r\n<td>\r\n<p><a href=\"https:\/\/prezidentiale2024.bec.ro\/wp-content\/uploads\/2024\/10\/DA_Diaconescu.pdf\">Descarc\u0103<\/a><\/p>\r\n<\/td>\r\n<td>\r\n<p><a href=\"https:\/\/prezidentiale2024.bec.ro\/wp-content\/uploads\/2024\/10\/DI_Diaconescu.pdf\">Descarc\u0103<\/a><\/p>\r\n<\/td>\r\n<\/tr>\r\n<tr>\r\n<td width=\"39\">\r\n<p><img loading=\"lazy\" decoding=\"async\" class=\"alignnone  wp-image-3889\" src=\"https:\/\/votcorect.ro\/prezidentiale-parlamentare-2024\/wp-content\/uploads\/sites\/12\/2024\/10\/pncr.png\" alt=\"\" width=\"101\" height=\"95\" srcset=\"https:\/\/votcorect.ro\/prezidentiale-parlamentare-2024\/wp-content\/uploads\/sites\/12\/2024\/10\/pncr.png 321w, https:\/\/votcorect.ro\/prezidentiale-parlamentare-2024\/wp-content\/uploads\/sites\/12\/2024\/10\/pncr-300x281.png 300w\" sizes=\"auto, (max-width: 101px) 100vw, 101px\" \/><img loading=\"lazy\" decoding=\"async\" class=\"alignnone  wp-image-3907\" src=\"https:\/\/votcorect.ro\/prezidentiale-parlamentare-2024\/wp-content\/uploads\/sites\/12\/2024\/10\/terhes.jpg\" alt=\"\" width=\"100\" height=\"100\" srcset=\"https:\/\/votcorect.ro\/prezidentiale-parlamentare-2024\/wp-content\/uploads\/sites\/12\/2024\/10\/terhes.jpg 768w, https:\/\/votcorect.ro\/prezidentiale-parlamentare-2024\/wp-content\/uploads\/sites\/12\/2024\/10\/terhes-300x300.jpg 300w, https:\/\/votcorect.ro\/prezidentiale-parlamentare-2024\/wp-content\/uploads\/sites\/12\/2024\/10\/terhes-150x150.jpg 150w\" sizes=\"auto, (max-width: 100px) 100vw, 100px\" \/><\/p>\r\n<\/td>\r\n<td>\r\n<p>Terhe\u0219 Cristian-Vasile<\/p>\r\n<\/td>\r\n<td>\r\n<p>Partidul Na\u021bional Conservator Rom\u00e2n<\/p>\r\n<\/td>\r\n<td>\r\n<p><a href=\"https:\/\/prezidentiale2024.bec.ro\/wp-content\/uploads\/2024\/10\/DA_Terhes.pdf\">Descarc\u0103<\/a><\/p>\r\n<\/td>\r\n<td>\r\n<p><a href=\"https:\/\/prezidentiale2024.bec.ro\/wp-content\/uploads\/2024\/10\/DI_Terhes.pdf\">Descarc\u0103<\/a><\/p>\r\n<\/td>\r\n<\/tr>\r\n<tr>\r\n<td width=\"39\">\r\n<p><img loading=\"lazy\" decoding=\"async\" class=\"alignnone  wp-image-3890\" src=\"https:\/\/votcorect.ro\/prezidentiale-parlamentare-2024\/wp-content\/uploads\/sites\/12\/2024\/10\/ana.png\" alt=\"\" width=\"101\" height=\"84\" srcset=\"https:\/\/votcorect.ro\/prezidentiale-parlamentare-2024\/wp-content\/uploads\/sites\/12\/2024\/10\/ana.png 330w, https:\/\/votcorect.ro\/prezidentiale-parlamentare-2024\/wp-content\/uploads\/sites\/12\/2024\/10\/ana-300x250.png 300w\" sizes=\"auto, (max-width: 101px) 100vw, 101px\" \/><img loading=\"lazy\" decoding=\"async\" class=\"alignnone  wp-image-3908\" src=\"https:\/\/votcorect.ro\/prezidentiale-parlamentare-2024\/wp-content\/uploads\/sites\/12\/2024\/10\/anab.png\" alt=\"\" width=\"100\" height=\"119\" srcset=\"https:\/\/votcorect.ro\/prezidentiale-parlamentare-2024\/wp-content\/uploads\/sites\/12\/2024\/10\/anab.png 655w, https:\/\/votcorect.ro\/prezidentiale-parlamentare-2024\/wp-content\/uploads\/sites\/12\/2024\/10\/anab-251x300.png 251w\" sizes=\"auto, (max-width: 100px) 100vw, 100px\" \/><\/p>\r\n<\/td>\r\n<td>\r\n<p>Birchall Ana<\/p>\r\n<\/td>\r\n<td>\r\n<p>Candidat Independent<\/p>\r\n<\/td>\r\n<td>\r\n<p><a href=\"https:\/\/prezidentiale2024.bec.ro\/wp-content\/uploads\/2024\/10\/DA_Birchall.pdf\">Descarc\u0103<\/a><\/p>\r\n<\/td>\r\n<td>\r\n<p><a href=\"https:\/\/prezidentiale2024.bec.ro\/wp-content\/uploads\/2024\/10\/DI_Birchall.pdf\">Descarc\u0103<\/a><\/p>\r\n<\/td>\r\n<\/tr>\r\n<tr>\r\n<td width=\"39\">\r\n<p><img loading=\"lazy\" decoding=\"async\" class=\"alignnone  wp-image-3891\" src=\"https:\/\/votcorect.ro\/prezidentiale-parlamentare-2024\/wp-content\/uploads\/sites\/12\/2024\/10\/psd.png\" alt=\"\" width=\"100\" height=\"89\" srcset=\"https:\/\/votcorect.ro\/prezidentiale-parlamentare-2024\/wp-content\/uploads\/sites\/12\/2024\/10\/psd.png 312w, https:\/\/votcorect.ro\/prezidentiale-parlamentare-2024\/wp-content\/uploads\/sites\/12\/2024\/10\/psd-300x266.png 300w\" sizes=\"auto, (max-width: 100px) 100vw, 100px\" \/><img loading=\"lazy\" decoding=\"async\" class=\"alignnone  wp-image-3909\" src=\"https:\/\/votcorect.ro\/prezidentiale-parlamentare-2024\/wp-content\/uploads\/sites\/12\/2024\/10\/mc.png\" alt=\"\" width=\"100\" height=\"110\" srcset=\"https:\/\/votcorect.ro\/prezidentiale-parlamentare-2024\/wp-content\/uploads\/sites\/12\/2024\/10\/mc.png 444w, https:\/\/votcorect.ro\/prezidentiale-parlamentare-2024\/wp-content\/uploads\/sites\/12\/2024\/10\/mc-273x300.png 273w\" sizes=\"auto, (max-width: 100px) 100vw, 100px\" \/><\/p>\r\n<\/td>\r\n<td>\r\n<p>Ciolacu Ion-Marcel<\/p>\r\n<\/td>\r\n<td>\r\n<p>Partidul Social Democrat<\/p>\r\n<\/td>\r\n<td>\r\n<p><a href=\"https:\/\/prezidentiale2024.bec.ro\/wp-content\/uploads\/2024\/10\/DA_Ciolacu.pdf\">Descarc\u0103<\/a><\/p>\r\n<\/td>\r\n<td>\r\n<p><a href=\"https:\/\/prezidentiale2024.bec.ro\/wp-content\/uploads\/2024\/10\/DI_Ciolacu.pdf\">Descarc\u0103<\/a><\/p>\r\n<\/td>\r\n<\/tr>\r\n<tr>\r\n<td width=\"39\">\r\n<p><img loading=\"lazy\" decoding=\"async\" class=\"alignnone  wp-image-3892\" src=\"https:\/\/votcorect.ro\/prezidentiale-parlamentare-2024\/wp-content\/uploads\/sites\/12\/2024\/10\/plan.png\" alt=\"\" width=\"100\" height=\"115\" srcset=\"https:\/\/votcorect.ro\/prezidentiale-parlamentare-2024\/wp-content\/uploads\/sites\/12\/2024\/10\/plan.png 267w, https:\/\/votcorect.ro\/prezidentiale-parlamentare-2024\/wp-content\/uploads\/sites\/12\/2024\/10\/plan-260x300.png 260w\" sizes=\"auto, (max-width: 100px) 100vw, 100px\" \/><img loading=\"lazy\" decoding=\"async\" class=\"alignnone  wp-image-3910\" src=\"https:\/\/votcorect.ro\/prezidentiale-parlamentare-2024\/wp-content\/uploads\/sites\/12\/2024\/10\/sp.png\" alt=\"\" width=\"102\" height=\"109\" srcset=\"https:\/\/votcorect.ro\/prezidentiale-parlamentare-2024\/wp-content\/uploads\/sites\/12\/2024\/10\/sp.png 736w, https:\/\/votcorect.ro\/prezidentiale-parlamentare-2024\/wp-content\/uploads\/sites\/12\/2024\/10\/sp-281x300.png 281w\" sizes=\"auto, (max-width: 102px) 100vw, 102px\" \/><\/p>\r\n<\/td>\r\n<td>\r\n<p>Predoiu Silviu<\/p>\r\n<\/td>\r\n<td>\r\n<p>Partidul Liga Ac\u021biunii Na\u021bionale<\/p>\r\n<\/td>\r\n<td>\r\n<p><a href=\"https:\/\/prezidentiale2024.bec.ro\/wp-content\/uploads\/2024\/10\/DA_Predoiu.pdf\">Descarc\u0103<\/a><\/p>\r\n<\/td>\r\n<td>\r\n<p><a href=\"https:\/\/prezidentiale2024.bec.ro\/wp-content\/uploads\/2024\/10\/DI_Predoiu.pdf\">Descarc\u0103<\/a><\/p>\r\n<\/td>\r\n<\/tr>\r\n<tr>\r\n<td width=\"39\">\r\n<p><img loading=\"lazy\" decoding=\"async\" class=\"alignnone  wp-image-3893\" src=\"https:\/\/votcorect.ro\/prezidentiale-parlamentare-2024\/wp-content\/uploads\/sites\/12\/2024\/10\/fd.png\" alt=\"\" width=\"104\" height=\"98\" \/><img loading=\"lazy\" decoding=\"async\" class=\"alignnone  wp-image-3912\" src=\"https:\/\/votcorect.ro\/prezidentiale-parlamentare-2024\/wp-content\/uploads\/sites\/12\/2024\/10\/lorban.png\" alt=\"\" width=\"99\" height=\"115\" srcset=\"https:\/\/votcorect.ro\/prezidentiale-parlamentare-2024\/wp-content\/uploads\/sites\/12\/2024\/10\/lorban.png 579w, https:\/\/votcorect.ro\/prezidentiale-parlamentare-2024\/wp-content\/uploads\/sites\/12\/2024\/10\/lorban-258x300.png 258w\" sizes=\"auto, (max-width: 99px) 100vw, 99px\" \/><\/p>\r\n<\/td>\r\n<td>\r\n<p>Orban Ludovic<\/p>\r\n<\/td>\r\n<td>\r\n<p>For\u021ba Dreptei<\/p>\r\n<\/td>\r\n<td>\r\n<p><a href=\"https:\/\/prezidentiale2024.bec.ro\/wp-content\/uploads\/2024\/10\/DA_Orban.pdf\">Descarc\u0103<\/a><\/p>\r\n<\/td>\r\n<td>\r\n<p><a href=\"https:\/\/prezidentiale2024.bec.ro\/wp-content\/uploads\/2024\/10\/DI_Orban.pdf\">Descarc\u0103<\/a><\/p>\r\n<\/td>\r\n<\/tr>\r\n<tr>\r\n<td width=\"39\">\r\n<p><img loading=\"lazy\" decoding=\"async\" class=\"alignnone  wp-image-3894\" src=\"https:\/\/votcorect.ro\/prezidentiale-parlamentare-2024\/wp-content\/uploads\/sites\/12\/2024\/10\/pnr.png\" alt=\"\" width=\"103\" height=\"128\" srcset=\"https:\/\/votcorect.ro\/prezidentiale-parlamentare-2024\/wp-content\/uploads\/sites\/12\/2024\/10\/pnr.png 262w, https:\/\/votcorect.ro\/prezidentiale-parlamentare-2024\/wp-content\/uploads\/sites\/12\/2024\/10\/pnr-240x300.png 240w\" sizes=\"auto, (max-width: 103px) 100vw, 103px\" \/><img loading=\"lazy\" decoding=\"async\" class=\"alignnone  wp-image-3915\" src=\"https:\/\/votcorect.ro\/prezidentiale-parlamentare-2024\/wp-content\/uploads\/sites\/12\/2024\/10\/popescu.png\" alt=\"\" width=\"100\" height=\"112\" \/><\/p>\r\n<\/td>\r\n<td>\r\n<p>Popescu Sebastian-Constantin<\/p>\r\n<\/td>\r\n<td>\r\n<p>Partidul Noua Rom\u00e2nie<\/p>\r\n<\/td>\r\n<td>\r\n<p><a href=\"https:\/\/prezidentiale2024.bec.ro\/wp-content\/uploads\/2024\/10\/DA_Popescu.pdf\">Descarc\u0103<\/a><\/p>\r\n<\/td>\r\n<td>\r\n<p><a href=\"https:\/\/prezidentiale2024.bec.ro\/wp-content\/uploads\/2024\/10\/DI_Popescu.pdf\">Descarc\u0103<\/a><\/p>\r\n<\/td>\r\n<\/tr>\r\n<tr>\r\n<td width=\"39\">\r\n<p><img loading=\"lazy\" decoding=\"async\" class=\"alignnone  wp-image-3895\" src=\"https:\/\/votcorect.ro\/prezidentiale-parlamentare-2024\/wp-content\/uploads\/sites\/12\/2024\/10\/adn.png\" alt=\"\" width=\"102\" height=\"51\" srcset=\"https:\/\/votcorect.ro\/prezidentiale-parlamentare-2024\/wp-content\/uploads\/sites\/12\/2024\/10\/adn.png 356w, https:\/\/votcorect.ro\/prezidentiale-parlamentare-2024\/wp-content\/uploads\/sites\/12\/2024\/10\/adn-300x149.png 300w\" sizes=\"auto, (max-width: 102px) 100vw, 102px\" \/><img loading=\"lazy\" decoding=\"async\" class=\"alignnone  wp-image-3914\" src=\"https:\/\/votcorect.ro\/prezidentiale-parlamentare-2024\/wp-content\/uploads\/sites\/12\/2024\/10\/pacuraru.png\" alt=\"\" width=\"101\" height=\"129\" srcset=\"https:\/\/votcorect.ro\/prezidentiale-parlamentare-2024\/wp-content\/uploads\/sites\/12\/2024\/10\/pacuraru.png 351w, https:\/\/votcorect.ro\/prezidentiale-parlamentare-2024\/wp-content\/uploads\/sites\/12\/2024\/10\/pacuraru-234x300.png 234w\" sizes=\"auto, (max-width: 101px) 100vw, 101px\" \/><\/p>\r\n<\/td>\r\n<td>\r\n<p>Bertalan-P\u0103curaru Alexandra-Beatrice<\/p>\r\n<\/td>\r\n<td>\r\n<p>Partidul Alternativa Pentru Demnitate Na\u021bional\u0103<\/p>\r\n<\/td>\r\n<td>\r\n<p><a href=\"https:\/\/prezidentiale2024.bec.ro\/wp-content\/uploads\/2024\/10\/DA_Pacuraru1.pdf\">Descarc\u0103<\/a><\/p>\r\n<\/td>\r\n<td>\r\n<p><a href=\"https:\/\/prezidentiale2024.bec.ro\/wp-content\/uploads\/2024\/10\/DI_Pacuraru.pdf\">Descarc\u0103<\/a><\/p>\r\n<\/td>\r\n<\/tr>\r\n<\/tbody>\r\n<\/table>\r\n<p>Sursa: <a href=\"https:\/\/prezidentiale2024.bec.ro\/candidati\/\">BEC<\/a><\/p>\r\n<p>&nbsp;<\/p>\r\n<p>&nbsp;<\/p>\r\n","protected":false},"excerpt":{"rendered":"<p>vezi \u0219i: candidati.votcorect.ro PARLAMENTARE\u00a0 Harta realizat\u0103 de Interrobang!\u00a0 Statistici generale Pentru alegerile parlamentare din 2024 s-au depus mai multe candidaturi comparativ cu \u00a0alegerile anterioare \u2013 8302 \u00een total. Din partea competitorilor care au depus candidaturi la ambele camere au fost valida\u021bi 8.168 de candida\u021bi \u2013\u00a0 2.906 la Senat \u0219i 5.262 la Camera Deputa\u021bilor, la care [&hellip;]<\/p>\n","protected":false},"author":5,"featured_media":0,"parent":0,"menu_order":0,"comment_status":"closed","ping_status":"closed","template":"","meta":{"_acf_changed":false,"footnotes":""},"class_list":["post-9","page","type-page","status-publish","hentry"],"acf":[],"_links":{"self":[{"href":"https:\/\/votcorect.ro\/prezidentiale-parlamentare-2024\/wp-json\/wp\/v2\/pages\/9","targetHints":{"allow":["GET"]}}],"collection":[{"href":"https:\/\/votcorect.ro\/prezidentiale-parlamentare-2024\/wp-json\/wp\/v2\/pages"}],"about":[{"href":"https:\/\/votcorect.ro\/prezidentiale-parlamentare-2024\/wp-json\/wp\/v2\/types\/page"}],"author":[{"embeddable":true,"href":"https:\/\/votcorect.ro\/prezidentiale-parlamentare-2024\/wp-json\/wp\/v2\/users\/5"}],"replies":[{"embeddable":true,"href":"https:\/\/votcorect.ro\/prezidentiale-parlamentare-2024\/wp-json\/wp\/v2\/comments?post=9"}],"version-history":[{"count":23,"href":"https:\/\/votcorect.ro\/prezidentiale-parlamentare-2024\/wp-json\/wp\/v2\/pages\/9\/revisions"}],"predecessor-version":[{"id":5695,"href":"https:\/\/votcorect.ro\/prezidentiale-parlamentare-2024\/wp-json\/wp\/v2\/pages\/9\/revisions\/5695"}],"wp:attachment":[{"href":"https:\/\/votcorect.ro\/prezidentiale-parlamentare-2024\/wp-json\/wp\/v2\/media?parent=9"}],"curies":[{"name":"wp","href":"https:\/\/api.w.org\/{rel}","templated":true}]}}