{"id":2071,"date":"2024-01-30T08:25:32","date_gmt":"2024-01-30T08:25:32","guid":{"rendered":"https:\/\/votcorect.ro\/europarlamentare-2024\/?page_id=2071"},"modified":"2024-09-06T17:58:41","modified_gmt":"2024-09-06T17:58:41","slug":"modele-cereri-plangeri","status":"publish","type":"page","link":"https:\/\/votcorect.ro\/prezidentiale-parlamentare-2024\/modele-cereri-plangeri\/","title":{"rendered":"Cereri"},"content":{"rendered":"<h3>Sesiz\u0103ri<\/h3>\n<ul class=\"list-unstyled ghid-items\">\n<li><a href=\"https:\/\/docs.google.com\/document\/d\/1Ng5UKAAP2G2MHtYAMpNx4KBICwO7i1NHhH6GK2b71vs\/edit\">Sesiz\u0103ri legate de procesul electoral<\/a><\/li>\n<li><a href=\"https:\/\/votcorect.ro\/prezidentiale-parlamentare-2024\/reguli\/infractiuni-alegeri\/\">Pl\u00e2ngere penal\u0103\u00a0<\/a><\/li>\n<li><a href=\"https:\/\/votcorect.ro\/prezidentiale-parlamentare-2024\/reguli\/comportamente-discriminatoare\/\">Sesiz\u0103ri pentru comportamente xenofobe, extremiste sau rasiste<\/a><\/li>\n<\/ul>\n<h3>Solicitare pentru urna special\u0103<\/h3>\n<ul>\n<li><a href=\"https:\/\/docs.google.com\/document\/d\/1WPjdEbkLK_K9hD1etMm6RL7WZwfNcflttE751ssIXDc\/edit\">Cereri pentru urna special\u0103, pentru persoanele care nu se pot deplasa<\/a><\/li>\n<\/ul>\n<h3>Acces\/sesiz\u0103ri legate Registrul Electoral (AEP)<\/h3>\n<ul>\n<li><a href=\"https:\/\/www.registrulelectoral.ro\/upload\/public\/FormulareCereri\/Cerere_acces_informatii_-_Romania.docx\" target=\"_blank\" rel=\"noopener\">Cerere exercitare drept acces la date din Registrul electoral &#8211; Aleg\u0103tori cu domiciliu sau re\u015fedin\u0163\u0103 \u00een Rom\u00e2nia<\/a><\/li>\n<li><a href=\"https:\/\/www.registrulelectoral.ro\/upload\/public\/FormulareCereri\/Cerere_acces_informatii_-_Strainatate.docx\" target=\"_blank\" rel=\"noopener\">Cerere exercitare drept acces la date din Registrul electoral &#8211; Aleg\u0103tori cu domiciliu sau re\u015fedin\u0163\u0103 \u00een Str\u0103in\u0103tate<\/a><\/li>\n<li><a href=\"https:\/\/www.registrulelectoral.ro\/upload\/public\/FormulareCereri\/Intampinare_Indreptare_erori_RE.docx\" target=\"_blank\" rel=\"noopener\">\u00cent\u00e2mpinare pentru \u00eendreptare erori omisiuni, \u00eenscrieri gre\u015fite \u015fi erori din Registrul electoral<\/a><\/li>\n<li><a href=\"https:\/\/www.registrulelectoral.ro\/upload\/public\/FormulareCereri\/Cerere_reinregistrare_in_RE.docx\" target=\"_blank\" rel=\"noopener\">Cerere re\u00eenregistrare \u00een Registrul electoral aleg\u0103tor c\u0103ruia i-a expirat interdic\u0163ia<\/a><\/li>\n<li style=\"text-align: left;\"><a href=\"https:\/\/www.registrulelectoral.ro\/upload\/public\/FormulareCereri\/Cerere_radiere_decedat.docx\" target=\"_blank\" rel=\"noopener\">Cerere radiere a unui aleg\u0103tor decedat<\/a><\/li>\n<li style=\"text-align: left;\"><a href=\"https:\/\/www.registrulelectoral.ro\/upload\/public\/FormulareCereri\/Sesizare_radiere_decedat.docx\" target=\"_blank\" rel=\"noopener\">Sesizare pentru radiere din liste electorale aleg\u0103tor decedat<\/a><\/li>\n<li style=\"text-align: left;\"><\/li>\n<\/ul>\n","protected":false},"excerpt":{"rendered":"<p>Sesiz\u0103ri Sesiz\u0103ri legate de procesul electoral Pl\u00e2ngere penal\u0103\u00a0 Sesiz\u0103ri pentru comportamente xenofobe, extremiste sau rasiste Solicitare pentru urna special\u0103 Cereri pentru urna special\u0103, pentru persoanele care nu se pot deplasa Acces\/sesiz\u0103ri legate Registrul Electoral (AEP) Cerere exercitare drept acces la date din Registrul electoral &#8211; Aleg\u0103tori cu domiciliu sau re\u015fedin\u0163\u0103 \u00een Rom\u00e2nia Cerere exercitare drept [&hellip;]<\/p>\n","protected":false},"author":2,"featured_media":0,"parent":0,"menu_order":0,"comment_status":"closed","ping_status":"closed","template":"","meta":{"_acf_changed":false,"footnotes":""},"class_list":["post-2071","page","type-page","status-publish","hentry"],"acf":[],"_links":{"self":[{"href":"https:\/\/votcorect.ro\/prezidentiale-parlamentare-2024\/wp-json\/wp\/v2\/pages\/2071","targetHints":{"allow":["GET"]}}],"collection":[{"href":"https:\/\/votcorect.ro\/prezidentiale-parlamentare-2024\/wp-json\/wp\/v2\/pages"}],"about":[{"href":"https:\/\/votcorect.ro\/prezidentiale-parlamentare-2024\/wp-json\/wp\/v2\/types\/page"}],"author":[{"embeddable":true,"href":"https:\/\/votcorect.ro\/prezidentiale-parlamentare-2024\/wp-json\/wp\/v2\/users\/2"}],"replies":[{"embeddable":true,"href":"https:\/\/votcorect.ro\/prezidentiale-parlamentare-2024\/wp-json\/wp\/v2\/comments?post=2071"}],"version-history":[{"count":4,"href":"https:\/\/votcorect.ro\/prezidentiale-parlamentare-2024\/wp-json\/wp\/v2\/pages\/2071\/revisions"}],"predecessor-version":[{"id":3828,"href":"https:\/\/votcorect.ro\/prezidentiale-parlamentare-2024\/wp-json\/wp\/v2\/pages\/2071\/revisions\/3828"}],"wp:attachment":[{"href":"https:\/\/votcorect.ro\/prezidentiale-parlamentare-2024\/wp-json\/wp\/v2\/media?parent=2071"}],"curies":[{"name":"wp","href":"https:\/\/api.w.org\/{rel}","templated":true}]}}