{"id":569,"date":"2018-09-19T08:29:38","date_gmt":"2018-09-19T08:29:38","guid":{"rendered":"https:\/\/votcorect.ro\/parlamentare-2020\/?page_id=569"},"modified":"2021-09-14T07:51:04","modified_gmt":"2021-09-14T07:51:04","slug":"despre-noi","status":"publish","type":"page","link":"https:\/\/votcorect.ro\/parlamentare-2020\/despre-noi\/","title":{"rendered":"Despre noi \/ contact"},"content":{"rendered":"<p>Platforma <a href=\"https:\/\/votcorect.ro\">Vot Corect<\/a> este administrat\u0103 de <a href=\"https:\/\/expertforum.ro\">Asocia\u021bia Expert Forum.\u00a0<\/a><br \/>\nAutori texte: <em>Septimius P\u00e2rvu<\/em>, <em>Johan Bouman<\/em>; Dezvoltare platform\u0103: <em>Alexandru Popescu<\/em><\/p>\n<p><small>Pentru orice comentarii sau \u00eentreb\u0103ri, ne pute\u021bi contacta la <a href=\"mailto:septimius.parvu@expertforum.ro\">septimius.parvu@expertforum.ro<\/a> \/\u00a0 <a href=\"tel:0787638315\">0787.638.315<\/a>.<\/small><\/p>\n<p><strong>\u00a0<\/strong><\/p>\n<p><strong>Observatori pentru alegeri parlamentare corecte si sigure<\/strong><\/p>\n<p>Scopul proiectului este de a monitoriza alegerile parlamentare din 2020 \u0219i de a asigura interven\u021bia EFOR \u00een regim de urgen\u021b\u0103 prin instrumente legale \u0219i reac\u021bii publice. Propunerile numeroase de modificare a sistemului electoral, problemele semnalate \u00een cadrul alegerilor locale (puse pe agenda public\u0103 de EFOR \u0219i coali\u021bia FiecareVot) care r\u0103m\u00e2n \u00een continuare un poten\u021bial de risc, dar \u0219i num\u0103rul mare de amendamente \u0219i termenele scurte pentru implementarea procedurilor pot afecta modul de organizare al alegerilor \u0219i nivelul de informare al aleg\u0103torilor. EFOR va sus\u021bine func\u021bionarea coali\u021biei FiecareVot, al\u0103turi de membrii c\u0103reia va monitoriza alegerile parlamentare \u0219i va publica un raport public privind implementarea legisla\u021biei, \u00eenso\u021bit de recomand\u0103ri.<\/p>\n<p>&nbsp;<\/p>\n<p>Pentru a asigura informarea publicului, EFOR va desf\u0103\u0219ura o campanie de informare prin intermediul portalului www.votcorect.ro, iar \u00een ziua alegerilor va organiza un centru de asisten\u021b\u0103 electoral\u0103 (serviciu Telverde cu 5 linii telefonice). Ziua alegerilor va fi monitorizat\u0103 cu minim 300 de observatori, iar rezultatele procesului de monitorizare vor fi promovate \u00een timp real prin comunicate de pres\u0103 \u0219i post\u0103ri pe social media.<\/p>\n<p>&nbsp;<\/p>\n<p>\u00cenc\u0103 de la \u00eenceputul anului, EFOR a luat mai multe pozi\u021bii publice cu privire la nereguli flagrante privind <a href=\"https:\/\/expertforum.ro\/lasati-alegatorii-sa-voteze-la-locale\">\u00eenregistrarea aleg\u0103torilor<\/a> sau <a href=\"https:\/\/expertforum.ro\/subventii-dedicatie-2020\/\">finan\u021barea partidelor politice<\/a>. De asemenea, \u00een timpul st\u0103rii de urgen\u021b\u0103 am <a href=\"https:\/\/expertforum.ro\/alegeri-locale-pandemie-scenarii\/\">organizat mai multe discu\u021bii<\/a> cu parteneri institu\u021bionali \u0219i exper\u021bi interna\u021bionali despre modul \u00een care ar putea fi organizate alegerile locale din 2020, pornind de la propriile propuneri de politici publice. O discu\u021bie separat\u0103 <a href=\"https:\/\/expertforum.ro\/partide-alegeri-2020\/\">a adus laolalt\u0103 liderii<\/a> partidelor politice din Rom\u00e2nia pentru a prezenta viziunea lor cu privire la modalit\u0103\u021bile tehnice \u0219i strategiile politice.<\/p>\n<p>&nbsp;<\/p>\n<h3><strong>Obiectivele proiectului <\/strong><\/h3>\n<ul>\n<li>Asigurarea transparen\u021bei \u0219i corectitudinii alegerile parlamentare din 2020 prin monitorizarea legisla\u021biei, administra\u021biei electorale \u0219i a modului de organizare a procesului electoral<\/li>\n<li>Informarea unui num\u0103r de 60.000 de cet\u0103\u021beni cu privire la regulile procesului electoral prin asigurarea de asisten\u021b\u0103 de specialitate pentru o perioad\u0103 de dou\u0103 luni<\/li>\n<li>Monitorizarea procesului electoral de c\u0103tre 300 de observatori acredita\u021bi de Coali\u021bia FiecareVot pentru a asigura corectitudinea modului de organizare al alegerilor parlamentare, implementarea legisla\u021biei \u0219i informarea aleg\u0103torilor<\/li>\n<\/ul>\n<p>&nbsp;<\/p>\n<p>Alegerile se vor desf\u0103\u0219ura \u021bin\u00e2nd cont de anumite provoc\u0103ri care pot afecta transparen\u021ba \u0219i integritatea procesului electoral, dintre care enumer\u0103m m\u0103surile-r\u0103spuns la pandemia cauzat\u0103 de COVID-19, num\u0103rul mare de amendamente legislative sau termenele scurte pentru implementarea opera\u021biunilor electorale. Astfel, EFOR \u0219i partenerii vor monitoriza aceste schimb\u0103ri legislative sau practice \u0219i modul \u00een care vor fi implementate.<\/p>\n<p>Pentru a asigura informarea publicului, EFOR va desf\u0103\u0219ura o campanie de informare pentru cel pu\u021bin 60.000 de persoane prin intermediul portalulul\u00a0<a href=\"http:\/\/www.votcorect.ro\/\">www.votcorect.ro<\/a>, iar \u00een zilele alegerilor va organiza un centru de asisten\u021b\u0103 electoral\u0103 (serviciu Telverde). Campania online va detalia regulile tehnice ale procesului electoral, incluz\u00e2nd \u00eenregistrarea aleg\u0103torilor (vize de flotant, domiciliu vs resedinta etc), informa\u021bii privind documente (cum se reinnoiesc documentele, cu ce documente se poate vota), votul \u00een str\u0103in\u0103tate, calendarul electoral, campania electoral\u0103 (regulile de campanie), procedurile de votare (ziua votului, transparenta procesului, centralizarea rezultatelor) etc.<\/p>\n<p>&nbsp;<\/p>\n<p>Zilele alegerilor vor fi monitorizate cu minim 300 de observatori, acredita\u021bi \u00een toat\u0103 \u021bara \u0219i \u00een sec\u021bii de votare din str\u0103in\u0103tate, pentru care se vor organiza sesiuni de preg\u0103tire. Rezultatele procesului de monitorizare vor fi promovate \u00een timp real, prin intermediul comunicatelor de pres\u0103. \u00cen ziua \u0219i preziua alegerilor, vom asigura asisten\u021b\u0103 electoral\u0103 aleg\u0103torilor \u0219i observatorilor prin intermediul serviciului Telverde 0800 080 200, operat de juri\u0219ti \u0219i exper\u021bi electorali. Vom deschide mai multe linii telefonice, care vor fi disponibile conform programului de votare. EFOR va r\u0103spunde \u00een timp real \u00eentreb\u0103rilor adresate prin intermediul <a href=\"http:\/\/www.votcorect.ro\">www.votcorect.ro<\/a>. \u00cen plus, vom reac\u021biona rapid la orice nereguli sau punctuale legate de votare \u0219i vom transmite sesiz\u0103ri institu\u021biilor relevante \u2013 birourile electorale, AEP, Poli\u021bie etc. La europarlamentarele din 2019, peste 1200 de persoane au transmis sesiz\u0103ri sau au adresat \u00eentreb\u0103ri echipei Vot Corect. Peste jum\u0103tate dintre ele au fost transmise AEP \u0219i MAE, fapt care a contribuit la modificarea legisla\u021biei electorale pentru votul \u00een str\u0103in\u0103tate.<\/p>\n<p>&nbsp;<\/p>\n<p>Rapoartele de monitorizare a alegerilor au avut un rol important \u00een evaluarea independent\u0103 a proceselor electorale, precum \u0219i la identificarea unor solu\u021bii care pot \u00eembun\u0103t\u0103\u021bi modul de organizare a alegerilor. FiecareVot a \u00eenceput construirea unei baze de date cu recomand\u0103ri, pe care le va urm\u0103ri la toate procesele electorale viitoare pentru a se asigura c\u0103 acestea vor fi implementate. De asemenea, reac\u021biile rapide ale EFOR \u0219i organiza\u021biilor membre ale Coali\u021biei FiecareVot au avut deseori impact \u00eentruc\u00e2t au atras aten\u021bia public\u0103. Ne propunem ca prin intermediul unor astfel de reac\u021bii rapide \u0219i a raportului s\u0103 deschidem calea, prin negocieri cu deciden\u021bii, c\u0103tre reforma electoral\u0103.<\/p>\n<p>EFOR va coordona \u0219i va sus\u021bine dezvoltarea capacit\u0103\u021bii coali\u021biei FiecareVot format\u0103 din organiza\u021bii din Bucure\u0219ti \u0219i alte ora\u0219e din \u021bar\u0103. Partenerul \u2013 Centrul pentru resurse Civice \u2013 va coordona activit\u0103\u021bile de training si observare \u00een regiunile Est \u0219i Sud Est \u0219i va contribui la eforturile de informare a aleg\u0103torilor. Proiectul va contribui at\u00e2t de la dezvzoltarea unei comunit\u0103\u021bi civice implicate \u00een monitorizarea alegerilor, c\u00e2t \u0219i la cre\u0219terea capacit\u0103\u021bii \u0219i sustenabilit\u0103\u021bii ONG-urilor.<\/p>\n<h3><strong>Activit\u0103\u021bile proiectului <\/strong><\/h3>\n<p><strong>\u00a0<\/strong><\/p>\n<ul>\n<li>Monitorizarea legisla\u021biei \u0219i a activit\u0103\u021bii administra\u021biei electorale<\/li>\n<li>Organizarea unei campanii de informare a aleg\u0103torilor cu privire la regulile procesului electoral<\/li>\n<li>Acreditarea unui num\u0103r de 300 de observatori pentru sectii de votare din tara si strainatate<\/li>\n<li>Preg\u0103tirea observatorilor acredita\u021bi<\/li>\n<li>Monitorizarea zilelor vot\u0103rii<\/li>\n<li>Asigurarea de asisten\u021b\u0103 aleg\u0103torilor \u00een ziua vot\u0103rii<\/li>\n<li>Realizarea unui raport de monitorizare a alegerilor<\/li>\n<li>Lansarea public\u0103 a raportului de monitorizare a alegerilor<\/li>\n<\/ul>\n<p>&nbsp;<\/p>\n<h3><strong>Perioada de implementare<\/strong><\/h3>\n<p>Noiembrie 2020 \u2013 februarie 2021<\/p>\n<p>&nbsp;<\/p>\n<p><em>Proiect derulat de<\/em><\/p>\n<p><a href=\"https:\/\/expertforum.ro\/wp-content\/uploads\/2015\/05\/Expert-Forum-1024x554.jpg\"><img loading=\"lazy\" decoding=\"async\" class=\"alignnone wp-image-4806\" src=\"https:\/\/expertforum.ro\/wp-content\/uploads\/2015\/05\/Expert-Forum-1024x554-1024x554.jpg\" alt=\"\" width=\"115\" height=\"62\" \/> <\/a><a href=\"https:\/\/expertforum.ro\/wp-content\/uploads\/2020\/04\/logoCrcRetina.png\"><img loading=\"lazy\" decoding=\"async\" class=\"alignnone wp-image-9934\" src=\"https:\/\/expertforum.ro\/wp-content\/uploads\/2020\/04\/logoCrcRetina.png\" alt=\"\" width=\"138\" height=\"53\" \/><\/a><\/p>\n<p>&nbsp;<\/p>\n<p><em>Proiectul este derulat de Asocia\u021bia Expert Forum, \u00een parteneriat cu Centrul pentru Resurse Civice \u0219i beneficiaz\u0103 de o finan\u021bare \u00een valoare de 15.000 euro, prin programul Active Citizens Fund Rom\u00e2nia, finan\u021bat de Islanda, Liechtenstein \u0219i Norvegia prin Granturile SEE 2014-2021. Con\u021binutul acestui website nu reprezint\u0103 \u00een mod necesar pozi\u021bia oficial\u0103 a Granturilor SEE \u0219i Norvegiene 2014-2021; pentru mai multe informa\u021bii accesa\u021bi www.eeagrants.org.<\/em><\/p>\n<p><em>Informa\u021bii suplimentare pot fi g\u0103site pe paginile web <a href=\"http:\/\/www.activecitizensfund.ro\">www.activecitizensfund.ro<\/a> \u0219i www.eeagrants.org.<\/em><\/p>\n<p><em>Lucr\u0103m \u00eempreun\u0103 pentru o Europ\u0103 verde, competitiv\u0103 \u0219i incluziv\u0103.<\/em><\/p>\n<p>&nbsp;<\/p>\n<hr \/>\n<table>\n<tbody>\n<tr>\n<td width=\"45%\"><img loading=\"lazy\" decoding=\"async\" class=\"wp-image-3511 alignnone\" src=\"https:\/\/votcorect.ro\/parlamentare-2020\/wp-content\/uploads\/sites\/9\/2020\/11\/EFOR-logo.jpg\" alt=\"\" width=\"126\" height=\"68\" \/><\/p>\n<p><strong><a href=\"https:\/\/expertforum.ro\">Expert Forum<\/a><\/strong> este un un think tank din Bucure\u015fti \u00eenfiin\u0163at de exper\u0163i cunoscu\u0163i \u00een politici publice \u015fi reforma administra\u0163iei. Domeniile pe care le acoperim includ: reforma administra\u0163iei \u015fi integritate; descentralizare \u015fi finan\u0163e publice; reforma justi\u0163iei \u015fi anticorup\u0163ie; politici sociale \u015fi pensii; energie \u015fi transporturi; s\u0103n\u0103tate; procese electorale \u015fi cet\u0103\u0163enie activ\u0103.<\/td>\n<td><\/td>\n<td width=\"45%\"><img loading=\"lazy\" decoding=\"async\" class=\"wp-image-3509 alignnone\" src=\"https:\/\/votcorect.ro\/parlamentare-2020\/wp-content\/uploads\/sites\/9\/2020\/11\/barcelona.jpg\" alt=\"\" width=\"155\" height=\"78\" srcset=\"https:\/\/votcorect.ro\/parlamentare-2020\/wp-content\/uploads\/sites\/9\/2020\/11\/barcelona.jpg 2048w, https:\/\/votcorect.ro\/parlamentare-2020\/wp-content\/uploads\/sites\/9\/2020\/11\/barcelona-480x241.jpg 480w, https:\/\/votcorect.ro\/parlamentare-2020\/wp-content\/uploads\/sites\/9\/2020\/11\/barcelona-1024x515.jpg 1024w, https:\/\/votcorect.ro\/parlamentare-2020\/wp-content\/uploads\/sites\/9\/2020\/11\/barcelona-768x386.jpg 768w, https:\/\/votcorect.ro\/parlamentare-2020\/wp-content\/uploads\/sites\/9\/2020\/11\/barcelona-1536x772.jpg 1536w\" sizes=\"auto, (max-width: 155px) 100vw, 155px\" \/><\/p>\n<p>Activitatea pentru alegerile parlamentare este par\u021bial sus\u021binut\u0103 prin eforturile Cercului Donatorilor din Barcelona, cu sprijinul GRASP Milano.<br \/>\nMul\u021bumim tuturor celor au donat pentru campania Vot Corect pentru parlamentare.<\/td>\n<\/tr>\n<\/tbody>\n<\/table>\n<hr \/>\n<p><small>Arhiv\u0103 monitorizare vot: <a href=\"https:\/\/votcorect.ro\/parlamentare-2016\">Parlamentare 2016<\/a> \/ <a href=\"https:\/\/votcorect.ro\/referendum-2018\">Referendum Constitu\u021bie 2018<\/a> \/ <a href=\"https:\/\/votcorect.ro\/europarlamentare-2019\">Europarlamentare 2019<\/a> \/ <a href=\"https:\/\/votcorect.ro\/prezidentiale-2019\">Preziden\u021biale 2019<\/a> \/ <a href=\"https:\/\/votcorect.ro\/locale-2020\">Locale 2020<\/a><\/small><\/p>\n","protected":false},"excerpt":{"rendered":"<p>Platforma Vot Corect este administrat\u0103 de Asocia\u021bia Expert Forum.\u00a0 Autori texte: Septimius P\u00e2rvu, Johan Bouman; Dezvoltare platform\u0103: Alexandru Popescu Pentru orice comentarii sau \u00eentreb\u0103ri, ne pute\u021bi contacta la septimius.parvu@expertforum.ro \/\u00a0 0787.638.315. \u00a0 Observatori pentru alegeri parlamentare corecte si sigure Scopul proiectului este de a monitoriza alegerile parlamentare din 2020 \u0219i de a asigura interven\u021bia EFOR [&hellip;]<\/p>\n","protected":false},"author":2,"featured_media":0,"parent":0,"menu_order":0,"comment_status":"closed","ping_status":"closed","template":"","meta":{"_acf_changed":false,"footnotes":""},"class_list":["post-569","page","type-page","status-publish","hentry"],"acf":[],"_links":{"self":[{"href":"https:\/\/votcorect.ro\/parlamentare-2020\/wp-json\/wp\/v2\/pages\/569","targetHints":{"allow":["GET"]}}],"collection":[{"href":"https:\/\/votcorect.ro\/parlamentare-2020\/wp-json\/wp\/v2\/pages"}],"about":[{"href":"https:\/\/votcorect.ro\/parlamentare-2020\/wp-json\/wp\/v2\/types\/page"}],"author":[{"embeddable":true,"href":"https:\/\/votcorect.ro\/parlamentare-2020\/wp-json\/wp\/v2\/users\/2"}],"replies":[{"embeddable":true,"href":"https:\/\/votcorect.ro\/parlamentare-2020\/wp-json\/wp\/v2\/comments?post=569"}],"version-history":[{"count":22,"href":"https:\/\/votcorect.ro\/parlamentare-2020\/wp-json\/wp\/v2\/pages\/569\/revisions"}],"predecessor-version":[{"id":3782,"href":"https:\/\/votcorect.ro\/parlamentare-2020\/wp-json\/wp\/v2\/pages\/569\/revisions\/3782"}],"wp:attachment":[{"href":"https:\/\/votcorect.ro\/parlamentare-2020\/wp-json\/wp\/v2\/media?parent=569"}],"curies":[{"name":"wp","href":"https:\/\/api.w.org\/{rel}","templated":true}]}}